{"id":32,"date":"2015-10-10T20:45:38","date_gmt":"2015-10-10T19:45:38","guid":{"rendered":"http:\/\/www.techt.ch\/subsa\/?page_id=32"},"modified":"2015-10-17T23:29:08","modified_gmt":"2015-10-17T22:29:08","slug":"formation-speleologie","status":"publish","type":"page","link":"http:\/\/www.techt.ch\/subsa\/?page_id=32","title":{"rendered":"Sp\u00e9l\u00e9ologie"},"content":{"rendered":"<h2><strong>Sp\u00e9l\u00e9ologie verticale niveau 1 \u2013 les bases<\/strong><\/h2>\n<p>Dur\u00e9e : une journ\u00e9e.\u00a0Prix sur demande.<br \/>\nLes objectifs sont :<\/p>\n<ul>\n<li>Conna\u00eetre le mat\u00e9riel de sp\u00e9l\u00e9ologie verticale<\/li>\n<li>Conna\u00eetre les bases de l\u2019\u00e9quipement<\/li>\n<li>Progresser en s\u00e9curit\u00e9 sur cordes semi-statiques<\/li>\n<\/ul>\n<p>Cette formation th\u00e9orique et pratique s\u2019adresse \u00e0 tout ceux qui s\u2019int\u00e9ressent aux techniques sur cordes utilis\u00e9es en sp\u00e9l\u00e9ologie (sp\u00e9l\u00e9os, g\u00e9ologues, scouts, g\u00e9ocacheurs, \u2026), du d\u00e9butant d\u00e9sirant conna\u00eetre les bases\u00a0\u00e0 l\u2019exp\u00e9riment\u00e9 voulant corriger ses mauvaises habitudes.<\/p>\nngg_shortcode_0_placeholder\n<h2><strong>Sp\u00e9l\u00e9ologie verticale niveau\u00a02 \u2013 perfectionnement<\/strong><\/h2>\n<p>Dur\u00e9e : une journ\u00e9e. Prix sur demande.<br \/>\nLes objectifs de ce stage sont :<\/p>\n<ul>\n<li>Techniques d&rsquo;\u00e9quipement<\/li>\n<li>Les n\u0153uds<\/li>\n<li>Dyneema<\/li>\n<\/ul>\nngg_shortcode_1_placeholder\n<h2><strong>Sp\u00e9l\u00e9ologie verticale niveau\u00a03 \u2013 secours du co\u00e9quipier<\/strong><\/h2>\n<p>Dur\u00e9e : une journ\u00e9e. Prix sur demande.<br \/>\nLes objectifs de ce stage sont :<\/p>\n<ul>\n<li>Conna\u00eetre la pathologie du harnais<\/li>\n<li>Savoir secourir un co\u00e9quipier bloqu\u00e9 sur cordes, avec en particulier :\n<ul>\n<li>Le couper de corde<\/li>\n<li>La p\u00e9dale croll\u00e9e<\/li>\n<li>Mettre en place un balancier<\/li>\n<\/ul>\n<\/li>\n<\/ul>\n<p>Cette formation est conseill\u00e9e \u00e0 toutes personnes \u00e9voluant sur corde. Des gestes simples qui peuvent sauver la vie. Ce stage est en grande partie pratique.<\/p>\nngg_shortcode_2_placeholder\n<h2><strong>Sp\u00e9l\u00e9ologie verticale\u00a0&#8211; cours complet<\/strong><\/h2>\n<p>Dur\u00e9e : 5\u00a0jours.\u00a0Prix sur demande.<br \/>\nLes th\u00e8mes\u00a0sont en particulier :<\/p>\n<ul>\n<li>Connaissance des cordes et cordelettes (cordes types A,B et L, Dynemma,\u2026) et du mat\u00e9riel (micro traction, \u2026)<\/li>\n<li>Entretien, marquage du mat\u00e9riel et bases du contr\u00f4le des EPI<\/li>\n<li>Les n\u0153uds sp\u00e9ciaux (fusion, Polonais, de Tisserand,\u00a0auto-bloquants, passabloc, , \u00a0\u2026)<\/li>\n<li>Les amarrages en d\u00e9tails (AS \u2013 Amarrages Souples,AFD \u2013 Amarrages For\u00e9s D\u00e9bouchants, \u2026)<\/li>\n<li>Les techniques de r\u00e9chappes (perte du descendeur, de la poign\u00e9e, \u2026)<\/li>\n<li>Mouflages (Mariner, Obendorf, passage de n\u0153uds, \u2026), freins de charge, tyroliennes et\u00a0 escalade artificielle(bar Raumer, \u2026)<\/li>\n<li>Techniques avanc\u00e9es d\u2019\u00e9quipement<\/li>\n<li>Techniques de secours (palans, contre-poids, balanciers, tyroliennes, ancrages compens\u00e9s, \u2026)<\/li>\n<li>Techniques l\u00e9g\u00e8res (micro-mousquetons, \u00e9quipement, \u2026)<\/li>\n<\/ul>\n<p>Ce stage m\u00e9lange pratique et th\u00e9orie.<\/p>\n<p>[divider] Galerie [\/divider]<\/p>\nngg_shortcode_3_placeholder\n","protected":false},"excerpt":{"rendered":"<p>Sp\u00e9l\u00e9ologie verticale niveau 1 \u2013 les bases Dur\u00e9e : une journ\u00e9e.\u00a0Prix sur demande. Les objectifs sont : Conna\u00eetre le mat\u00e9riel de sp\u00e9l\u00e9ologie verticale Conna\u00eetre les bases de l\u2019\u00e9quipement Progresser en s\u00e9curit\u00e9 sur cordes semi-statiques Cette formation th\u00e9orique et pratique s\u2019adresse \u00e0 tout ceux qui s\u2019int\u00e9ressent aux techniques sur cordes utilis\u00e9es en sp\u00e9l\u00e9ologie (sp\u00e9l\u00e9os, g\u00e9ologues, scouts, [&hellip;]<\/p>\n","protected":false},"author":1,"featured_media":0,"parent":51,"menu_order":0,"comment_status":"closed","ping_status":"closed","template":"","meta":{"ngg_post_thumbnail":0,"hide_page_title":"","footnotes":""},"class_list":["post-32","page","type-page","status-publish","hentry"],"aioseo_notices":[],"_links":{"self":[{"href":"http:\/\/www.techt.ch\/subsa\/index.php?rest_route=\/wp\/v2\/pages\/32","targetHints":{"allow":["GET"]}}],"collection":[{"href":"http:\/\/www.techt.ch\/subsa\/index.php?rest_route=\/wp\/v2\/pages"}],"about":[{"href":"http:\/\/www.techt.ch\/subsa\/index.php?rest_route=\/wp\/v2\/types\/page"}],"author":[{"embeddable":true,"href":"http:\/\/www.techt.ch\/subsa\/index.php?rest_route=\/wp\/v2\/users\/1"}],"replies":[{"embeddable":true,"href":"http:\/\/www.techt.ch\/subsa\/index.php?rest_route=%2Fwp%2Fv2%2Fcomments&post=32"}],"version-history":[{"count":11,"href":"http:\/\/www.techt.ch\/subsa\/index.php?rest_route=\/wp\/v2\/pages\/32\/revisions"}],"predecessor-version":[{"id":376,"href":"http:\/\/www.techt.ch\/subsa\/index.php?rest_route=\/wp\/v2\/pages\/32\/revisions\/376"}],"up":[{"embeddable":true,"href":"http:\/\/www.techt.ch\/subsa\/index.php?rest_route=\/wp\/v2\/pages\/51"}],"wp:attachment":[{"href":"http:\/\/www.techt.ch\/subsa\/index.php?rest_route=%2Fwp%2Fv2%2Fmedia&parent=32"}],"curies":[{"name":"wp","href":"https:\/\/api.w.org\/{rel}","templated":true}]}}